{"id":106045,"date":"2026-09-01T10:28:26","date_gmt":"2026-09-01T07:28:26","guid":{"rendered":"https:\/\/autoriga.eu\/?post_type=auto-listing&#038;p=106045"},"modified":"2026-09-01T10:28:26","modified_gmt":"2026-09-01T07:28:26","slug":"bmw-320-2012-gada","status":"publish","type":"auto-listing","link":"https:\/\/autoriga.eu\/ru\/listing\/bmw-320-2012-gada\/","title":{"rendered":"BMW 320 2012. gada"},"content":{"rendered":"","protected":false},"excerpt":{"rendered":"","protected":false},"comment_status":"closed","ping_status":"closed","template":"","class_list":["post-106045","auto-listing","type-auto-listing","status-publish","body-type-sedan","auto-listing-106045","has-thumbnail"],"acf":[],"aioseo_notices":[],"aioseo_head":"\n\t\t<!-- All in One SEO 5.0.1.1 - aioseo.com -->\n\t<meta name=\"robots\" content=\"max-image-preview:large\" \/>\n\t<link rel=\"canonical\" href=\"https:\/\/autoriga.eu\/ru\/listing\/bmw-320-2012-gada\/\" \/>\n\t<meta name=\"generator\" content=\"All in One SEO (AIOSEO) 5.0.1.1\" \/>\n\t\t<meta property=\"og:locale\" content=\"ru_RU\" \/>\n\t\t<meta property=\"og:site_name\" content=\"AutoRiga | Uzticams lietotu automa\u0161\u012bnu tirgot\u0101js\" \/>\n\t\t<meta property=\"og:type\" content=\"article\" \/>\n\t\t<meta property=\"og:title\" content=\"BMW 320 2012. gada | AutoRiga\" \/>\n\t\t<meta property=\"og:url\" content=\"https:\/\/autoriga.eu\/ru\/listing\/bmw-320-2012-gada\/\" \/>\n\t\t<meta property=\"og:image\" content=\"https:\/\/autoriga.eu\/wp-content\/uploads\/2021\/12\/25550473_1971606656496985_3969790986993700316_n.jpeg\" \/>\n\t\t<meta property=\"og:image:secure_url\" content=\"https:\/\/autoriga.eu\/wp-content\/uploads\/2021\/12\/25550473_1971606656496985_3969790986993700316_n.jpeg\" \/>\n\t\t<meta property=\"article:published_time\" content=\"2026-09-01T07:28:26+00:00\" \/>\n\t\t<meta property=\"article:modified_time\" content=\"2026-09-01T07:28:26+00:00\" \/>\n\t\t<meta property=\"article:publisher\" content=\"https:\/\/www.facebook.com\/autoxriga\" \/>\n\t\t<meta name=\"twitter:card\" content=\"summary\" \/>\n\t\t<meta name=\"twitter:title\" content=\"BMW 320 2012. gada | AutoRiga\" \/>\n\t\t<meta name=\"twitter:image\" content=\"https:\/\/autoriga.eu\/wp-content\/uploads\/2021\/12\/25550473_1971606656496985_3969790986993700316_n.jpeg\" \/>\n\t\t<script type=\"application\/ld+json\" class=\"aioseo-schema\">\n\t\t\t{\"@context\":\"https:\\\/\\\/schema.org\",\"@graph\":[{\"@type\":\"BreadcrumbList\",\"@id\":\"https:\\\/\\\/autoriga.eu\\\/ru\\\/listing\\\/bmw-320-2012-gada\\\/#breadcrumblist\",\"itemListElement\":[{\"@type\":\"ListItem\",\"@id\":\"https:\\\/\\\/autoriga.eu\\\/ru\\\/#listItem\",\"position\":1,\"name\":\"Home\",\"item\":\"https:\\\/\\\/autoriga.eu\\\/ru\\\/\",\"nextItem\":{\"@type\":\"ListItem\",\"@id\":\"https:\\\/\\\/autoriga.eu\\\/ru\\\/pardosana\\\/#listItem\",\"name\":\"\\u0410\\u0432\\u0442\\u043e\\u043c\\u043e\\u0431\\u0438\\u043b\\u0438 \\u0432 \\u043f\\u0440\\u043e\\u0434\\u0430\\u0436\\u0435\"}},{\"@type\":\"ListItem\",\"@id\":\"https:\\\/\\\/autoriga.eu\\\/ru\\\/pardosana\\\/#listItem\",\"position\":2,\"name\":\"\\u0410\\u0432\\u0442\\u043e\\u043c\\u043e\\u0431\\u0438\\u043b\\u0438 \\u0432 \\u043f\\u0440\\u043e\\u0434\\u0430\\u0436\\u0435\",\"item\":\"https:\\\/\\\/autoriga.eu\\\/ru\\\/pardosana\\\/\",\"nextItem\":{\"@type\":\"ListItem\",\"@id\":\"https:\\\/\\\/autoriga.eu\\\/ru\\\/body-type\\\/sedan\\\/#listItem\",\"name\":\"\\u0421\\u0435\\u0434\\u0430\\u043d\"},\"previousItem\":{\"@type\":\"ListItem\",\"@id\":\"https:\\\/\\\/autoriga.eu\\\/ru\\\/#listItem\",\"name\":\"Home\"}},{\"@type\":\"ListItem\",\"@id\":\"https:\\\/\\\/autoriga.eu\\\/ru\\\/body-type\\\/sedan\\\/#listItem\",\"position\":3,\"name\":\"\\u0421\\u0435\\u0434\\u0430\\u043d\",\"item\":\"https:\\\/\\\/autoriga.eu\\\/ru\\\/body-type\\\/sedan\\\/\",\"nextItem\":{\"@type\":\"ListItem\",\"@id\":\"https:\\\/\\\/autoriga.eu\\\/ru\\\/listing\\\/bmw-320-2012-gada\\\/#listItem\",\"name\":\"BMW 320 2012. gada\"},\"previousItem\":{\"@type\":\"ListItem\",\"@id\":\"https:\\\/\\\/autoriga.eu\\\/ru\\\/pardosana\\\/#listItem\",\"name\":\"\\u0410\\u0432\\u0442\\u043e\\u043c\\u043e\\u0431\\u0438\\u043b\\u0438 \\u0432 \\u043f\\u0440\\u043e\\u0434\\u0430\\u0436\\u0435\"}},{\"@type\":\"ListItem\",\"@id\":\"https:\\\/\\\/autoriga.eu\\\/ru\\\/listing\\\/bmw-320-2012-gada\\\/#listItem\",\"position\":4,\"name\":\"BMW 320 2012. gada\",\"previousItem\":{\"@type\":\"ListItem\",\"@id\":\"https:\\\/\\\/autoriga.eu\\\/ru\\\/body-type\\\/sedan\\\/#listItem\",\"name\":\"\\u0421\\u0435\\u0434\\u0430\\u043d\"}}]},{\"@type\":\"Organization\",\"@id\":\"https:\\\/\\\/autoriga.eu\\\/ru\\\/#organization\",\"name\":\"AutoRiga\",\"description\":\"Uzticams lietotu automa\\u0161\\u012bnu tirgot\\u0101js\",\"url\":\"https:\\\/\\\/autoriga.eu\\\/ru\\\/\",\"logo\":{\"@type\":\"ImageObject\",\"url\":\"https:\\\/\\\/autoriga.eu\\\/wp-content\\\/uploads\\\/2025\\\/06\\\/logo-autoriga-1.png\",\"@id\":\"https:\\\/\\\/autoriga.eu\\\/ru\\\/listing\\\/bmw-320-2012-gada\\\/#organizationLogo\",\"width\":200,\"height\":100},\"image\":{\"@id\":\"https:\\\/\\\/autoriga.eu\\\/ru\\\/listing\\\/bmw-320-2012-gada\\\/#organizationLogo\"},\"sameAs\":[\"https:\\\/\\\/www.facebook.com\\\/autoxriga\"]},{\"@type\":\"WebPage\",\"@id\":\"https:\\\/\\\/autoriga.eu\\\/ru\\\/listing\\\/bmw-320-2012-gada\\\/#webpage\",\"url\":\"https:\\\/\\\/autoriga.eu\\\/ru\\\/listing\\\/bmw-320-2012-gada\\\/\",\"name\":\"BMW 320 2012. gada | AutoRiga\",\"inLanguage\":\"ru-RU\",\"isPartOf\":{\"@id\":\"https:\\\/\\\/autoriga.eu\\\/ru\\\/#website\"},\"breadcrumb\":{\"@id\":\"https:\\\/\\\/autoriga.eu\\\/ru\\\/listing\\\/bmw-320-2012-gada\\\/#breadcrumblist\"},\"datePublished\":\"2026-09-01T10:28:26+03:00\",\"dateModified\":\"2026-09-01T10:28:26+03:00\"},{\"@type\":\"WebSite\",\"@id\":\"https:\\\/\\\/autoriga.eu\\\/ru\\\/#website\",\"url\":\"https:\\\/\\\/autoriga.eu\\\/ru\\\/\",\"name\":\"AutoRiga\",\"description\":\"Uzticams lietotu automa\\u0161\\u012bnu tirgot\\u0101js\",\"inLanguage\":\"ru-RU\",\"publisher\":{\"@id\":\"https:\\\/\\\/autoriga.eu\\\/ru\\\/#organization\"}}]}\n\t\t<\/script>\n\t\t<!-- All in One SEO -->\n\n","aioseo_head_json":{"title":"BMW 320 2012. gada | AutoRiga","description":"","canonical_url":"https:\/\/autoriga.eu\/ru\/listing\/bmw-320-2012-gada\/","robots":"max-image-preview:large","keywords":"","webmasterTools":{"miscellaneous":""},"schema":{"@context":"https:\/\/schema.org","@graph":[{"@type":"BreadcrumbList","@id":"https:\/\/autoriga.eu\/ru\/listing\/bmw-320-2012-gada\/#breadcrumblist","itemListElement":[{"@type":"ListItem","@id":"https:\/\/autoriga.eu\/ru\/#listItem","position":1,"name":"Home","item":"https:\/\/autoriga.eu\/ru\/","nextItem":{"@type":"ListItem","@id":"https:\/\/autoriga.eu\/ru\/pardosana\/#listItem","name":"\u0410\u0432\u0442\u043e\u043c\u043e\u0431\u0438\u043b\u0438 \u0432 \u043f\u0440\u043e\u0434\u0430\u0436\u0435"}},{"@type":"ListItem","@id":"https:\/\/autoriga.eu\/ru\/pardosana\/#listItem","position":2,"name":"\u0410\u0432\u0442\u043e\u043c\u043e\u0431\u0438\u043b\u0438 \u0432 \u043f\u0440\u043e\u0434\u0430\u0436\u0435","item":"https:\/\/autoriga.eu\/ru\/pardosana\/","nextItem":{"@type":"ListItem","@id":"https:\/\/autoriga.eu\/ru\/body-type\/sedan\/#listItem","name":"\u0421\u0435\u0434\u0430\u043d"},"previousItem":{"@type":"ListItem","@id":"https:\/\/autoriga.eu\/ru\/#listItem","name":"Home"}},{"@type":"ListItem","@id":"https:\/\/autoriga.eu\/ru\/body-type\/sedan\/#listItem","position":3,"name":"\u0421\u0435\u0434\u0430\u043d","item":"https:\/\/autoriga.eu\/ru\/body-type\/sedan\/","nextItem":{"@type":"ListItem","@id":"https:\/\/autoriga.eu\/ru\/listing\/bmw-320-2012-gada\/#listItem","name":"BMW 320 2012. gada"},"previousItem":{"@type":"ListItem","@id":"https:\/\/autoriga.eu\/ru\/pardosana\/#listItem","name":"\u0410\u0432\u0442\u043e\u043c\u043e\u0431\u0438\u043b\u0438 \u0432 \u043f\u0440\u043e\u0434\u0430\u0436\u0435"}},{"@type":"ListItem","@id":"https:\/\/autoriga.eu\/ru\/listing\/bmw-320-2012-gada\/#listItem","position":4,"name":"BMW 320 2012. gada","previousItem":{"@type":"ListItem","@id":"https:\/\/autoriga.eu\/ru\/body-type\/sedan\/#listItem","name":"\u0421\u0435\u0434\u0430\u043d"}}]},{"@type":"Organization","@id":"https:\/\/autoriga.eu\/ru\/#organization","name":"AutoRiga","description":"Uzticams lietotu automa\u0161\u012bnu tirgot\u0101js","url":"https:\/\/autoriga.eu\/ru\/","logo":{"@type":"ImageObject","url":"https:\/\/autoriga.eu\/wp-content\/uploads\/2025\/06\/logo-autoriga-1.png","@id":"https:\/\/autoriga.eu\/ru\/listing\/bmw-320-2012-gada\/#organizationLogo","width":200,"height":100},"image":{"@id":"https:\/\/autoriga.eu\/ru\/listing\/bmw-320-2012-gada\/#organizationLogo"},"sameAs":["https:\/\/www.facebook.com\/autoxriga"]},{"@type":"WebPage","@id":"https:\/\/autoriga.eu\/ru\/listing\/bmw-320-2012-gada\/#webpage","url":"https:\/\/autoriga.eu\/ru\/listing\/bmw-320-2012-gada\/","name":"BMW 320 2012. gada | AutoRiga","inLanguage":"ru-RU","isPartOf":{"@id":"https:\/\/autoriga.eu\/ru\/#website"},"breadcrumb":{"@id":"https:\/\/autoriga.eu\/ru\/listing\/bmw-320-2012-gada\/#breadcrumblist"},"datePublished":"2026-09-01T10:28:26+03:00","dateModified":"2026-09-01T10:28:26+03:00"},{"@type":"WebSite","@id":"https:\/\/autoriga.eu\/ru\/#website","url":"https:\/\/autoriga.eu\/ru\/","name":"AutoRiga","description":"Uzticams lietotu automa\u0161\u012bnu tirgot\u0101js","inLanguage":"ru-RU","publisher":{"@id":"https:\/\/autoriga.eu\/ru\/#organization"}}]},"og:locale":"ru_RU","og:site_name":"AutoRiga | Uzticams lietotu automa\u0161\u012bnu tirgot\u0101js","og:type":"article","og:title":"BMW 320 2012. gada | AutoRiga","og:url":"https:\/\/autoriga.eu\/ru\/listing\/bmw-320-2012-gada\/","og:image":"https:\/\/autoriga.eu\/wp-content\/uploads\/2021\/12\/25550473_1971606656496985_3969790986993700316_n.jpeg","og:image:secure_url":"https:\/\/autoriga.eu\/wp-content\/uploads\/2021\/12\/25550473_1971606656496985_3969790986993700316_n.jpeg","article:published_time":"2026-09-01T07:28:26+00:00","article:modified_time":"2026-09-01T07:28:26+00:00","article:publisher":"https:\/\/www.facebook.com\/autoxriga","twitter:card":"summary","twitter:title":"BMW 320 2012. gada | AutoRiga","twitter:image":"https:\/\/autoriga.eu\/wp-content\/uploads\/2021\/12\/25550473_1971606656496985_3969790986993700316_n.jpeg"},"aioseo_meta_data":{"post_id":"106045","title":null,"description":null,"keywords":null,"keyphrases":{"focus":{"keyphrase":"","score":0,"analysis":{"keyphraseInTitle":{"score":0,"maxScore":9,"error":1}}},"additional":[]},"primary_term":null,"canonical_url":null,"og_title":null,"og_description":null,"og_object_type":"default","og_image_type":"default","og_image_url":null,"og_image_width":null,"og_image_height":null,"og_image_custom_url":null,"og_image_custom_fields":null,"og_video":"","og_custom_url":null,"og_article_section":null,"og_article_tags":null,"twitter_use_og":false,"twitter_card":"default","twitter_image_type":"default","twitter_image_url":null,"twitter_image_custom_url":null,"twitter_image_custom_fields":null,"twitter_title":null,"twitter_description":null,"schema":{"blockGraphs":[],"customGraphs":[],"default":{"data":{"Article":[],"Course":[],"Dataset":[],"FAQPage":[],"Movie":[],"Person":[],"Product":[],"ProductReview":[],"Car":[],"Recipe":[],"Service":[],"SoftwareApplication":[],"WebPage":[]},"graphName":"WebPage","isEnabled":true},"graphs":[]},"schema_type":"default","schema_type_options":null,"pillar_content":false,"robots_default":true,"robots_noindex":false,"robots_noarchive":false,"robots_nosnippet":false,"robots_nofollow":false,"robots_noimageindex":false,"robots_noodp":false,"robots_notranslate":false,"robots_max_snippet":"-1","robots_max_videopreview":"-1","robots_max_imagepreview":"large","priority":null,"frequency":"default","local_seo":null,"breadcrumb_settings":null,"limit_modified_date":false,"ai":{"faqs":[],"keyPoints":[],"schemas":[],"titles":[],"descriptions":[],"socialPosts":{"email":{"subject":"","preview":"","content":""},"linkedin":[],"twitter":[],"facebook":[],"instagram":[]}},"created":"2026-09-01 07:25:34","updated":"2026-09-01 07:28:37","seo_analyzer_scan_date":null,"focus_keyword":null,"additional_keywords":null,"truseo_locale":null},"meta_box":{"car-years":"","car-makes":"","car-models":"","car-model-trims":"","_al_listing_payment_id":"","_al_listing_price":"9190","_al_listing_sale_price":"8290","_al_listing_msrp_price":"","_al_listing_price_suffix":"","_al_listing_credit_sum":"","_al_listing_odometer":"245000","_al_listing_color":"","_al_listing_registration":"09.2027","_al_listing_body_type":{"term_id":29,"name":"Sedans","slug":"sedan","term_group":0,"term_taxonomy_id":29,"taxonomy":"body-type","description":"","parent":0,"count":26,"filter":"raw"},"_al_listing_status":"","_al_listing_listing_state":"","_al_listing_exterior_color":["Pel\u0113ka"],"_al_listing_interior_color":[],"_al_listing_condition":"New","_al_listing_history":"","_al_listing_vin":"WBA3D910X0F099912","_al_listing_model_year":"2012","_al_listing_make_display":"BMW","_al_listing_model_name":"320","_al_listing_model_seats":"","_al_listing_model_doors":"","_al_listing_model_transmission_type":"Autom\u0101ts","_al_listing_model_engine_fuel":"D\u012bzelis","_al_listing_model_engine_l":"2.0","_al_listing_image_gallery":[{"width":150,"height":150,"file":"2026\/09\/dsc00450.jpg","filesize":529043,"sizes":{"medium":{"file":"dsc00450-300x200.jpg","width":300,"height":200,"mime-type":"image\/jpeg","filesize":14357,"url":"https:\/\/autoriga.eu\/wp-content\/uploads\/2026\/09\/dsc00450-300x200.jpg"},"thumbnail":{"file":"dsc00450-150x150.jpg","width":150,"height":150,"mime-type":"image\/jpeg","filesize":6854,"url":"https:\/\/autoriga.eu\/wp-content\/uploads\/2026\/09\/dsc00450-150x150.jpg"},"medium_large":{"file":"dsc00450-768x512.jpg","width":768,"height":512,"mime-type":"image\/jpeg","filesize":67758,"url":"https:\/\/autoriga.eu\/wp-content\/uploads\/2026\/09\/dsc00450-768x512.jpg"},"post-thumbnail":{"file":"dsc00450-370x230.jpg","width":370,"height":230,"mime-type":"image\/jpeg","filesize":19285,"url":"https:\/\/autoriga.eu\/wp-content\/uploads\/2026\/09\/dsc00450-370x230.jpg"},"al-sml":{"file":"dsc00450-400x250.jpg","width":400,"height":250,"mime-type":"image\/jpeg","filesize":21841,"url":"https:\/\/autoriga.eu\/wp-content\/uploads\/2026\/09\/dsc00450-400x250.jpg"}},"image_meta":{"aperture":"5.6","credit":"","camera":"ILCE-6700","caption":"","created_timestamp":"1756384292","copyright":"","focal_length":"39","iso":"100","shutter_speed":"0.0125","title":"","orientation":"0","keywords":[],"alt":""},"ID":"106048","name":"dsc00450.jpg","path":"\/var\/www\/autoriga.eu\/public\/wp-content\/uploads\/2026\/09\/dsc00450.jpg","url":"https:\/\/autoriga.eu\/wp-content\/uploads\/2026\/09\/dsc00450-150x150.jpg","full_url":"https:\/\/autoriga.eu\/wp-content\/uploads\/2026\/09\/dsc00450.jpg","title":"DSC00450","caption":"","description":"","alt":"","srcset":false},{"width":150,"height":150,"file":"2026\/09\/dsc00449.jpg","filesize":525365,"sizes":{"medium":{"file":"dsc00449-300x200.jpg","width":300,"height":200,"mime-type":"image\/jpeg","filesize":14378,"url":"https:\/\/autoriga.eu\/wp-content\/uploads\/2026\/09\/dsc00449-300x200.jpg"},"thumbnail":{"file":"dsc00449-150x150.jpg","width":150,"height":150,"mime-type":"image\/jpeg","filesize":6802,"url":"https:\/\/autoriga.eu\/wp-content\/uploads\/2026\/09\/dsc00449-150x150.jpg"},"medium_large":{"file":"dsc00449-768x512.jpg","width":768,"height":512,"mime-type":"image\/jpeg","filesize":66352,"url":"https:\/\/autoriga.eu\/wp-content\/uploads\/2026\/09\/dsc00449-768x512.jpg"},"post-thumbnail":{"file":"dsc00449-370x230.jpg","width":370,"height":230,"mime-type":"image\/jpeg","filesize":19088,"url":"https:\/\/autoriga.eu\/wp-content\/uploads\/2026\/09\/dsc00449-370x230.jpg"},"al-sml":{"file":"dsc00449-400x250.jpg","width":400,"height":250,"mime-type":"image\/jpeg","filesize":21906,"url":"https:\/\/autoriga.eu\/wp-content\/uploads\/2026\/09\/dsc00449-400x250.jpg"}},"image_meta":{"aperture":"6.3","credit":"","camera":"ILCE-6700","caption":"","created_timestamp":"1756384238","copyright":"","focal_length":"40","iso":"100","shutter_speed":"0.0125","title":"","orientation":"0","keywords":[],"alt":""},"ID":"106046","name":"dsc00449.jpg","path":"\/var\/www\/autoriga.eu\/public\/wp-content\/uploads\/2026\/09\/dsc00449.jpg","url":"https:\/\/autoriga.eu\/wp-content\/uploads\/2026\/09\/dsc00449-150x150.jpg","full_url":"https:\/\/autoriga.eu\/wp-content\/uploads\/2026\/09\/dsc00449.jpg","title":"DSC00449","caption":"","description":"","alt":"","srcset":false},{"width":150,"height":150,"file":"2026\/09\/dsc00452.jpg","filesize":538365,"sizes":{"medium":{"file":"dsc00452-300x200.jpg","width":300,"height":200,"mime-type":"image\/jpeg","filesize":14770,"url":"https:\/\/autoriga.eu\/wp-content\/uploads\/2026\/09\/dsc00452-300x200.jpg"},"thumbnail":{"file":"dsc00452-150x150.jpg","width":150,"height":150,"mime-type":"image\/jpeg","filesize":6851,"url":"https:\/\/autoriga.eu\/wp-content\/uploads\/2026\/09\/dsc00452-150x150.jpg"},"medium_large":{"file":"dsc00452-768x512.jpg","width":768,"height":512,"mime-type":"image\/jpeg","filesize":68761,"url":"https:\/\/autoriga.eu\/wp-content\/uploads\/2026\/09\/dsc00452-768x512.jpg"},"post-thumbnail":{"file":"dsc00452-370x230.jpg","width":370,"height":230,"mime-type":"image\/jpeg","filesize":19597,"url":"https:\/\/autoriga.eu\/wp-content\/uploads\/2026\/09\/dsc00452-370x230.jpg"},"al-sml":{"file":"dsc00452-400x250.jpg","width":400,"height":250,"mime-type":"image\/jpeg","filesize":22433,"url":"https:\/\/autoriga.eu\/wp-content\/uploads\/2026\/09\/dsc00452-400x250.jpg"}},"image_meta":{"aperture":"5.6","credit":"","camera":"ILCE-6700","caption":"","created_timestamp":"1756384487","copyright":"","focal_length":"42","iso":"125","shutter_speed":"0.0125","title":"","orientation":"0","keywords":[],"alt":""},"ID":"106052","name":"dsc00452.jpg","path":"\/var\/www\/autoriga.eu\/public\/wp-content\/uploads\/2026\/09\/dsc00452.jpg","url":"https:\/\/autoriga.eu\/wp-content\/uploads\/2026\/09\/dsc00452-150x150.jpg","full_url":"https:\/\/autoriga.eu\/wp-content\/uploads\/2026\/09\/dsc00452.jpg","title":"DSC00452","caption":"","description":"","alt":"","srcset":false},{"width":150,"height":150,"file":"2026\/09\/dsc00451.jpg","filesize":535671,"sizes":{"medium":{"file":"dsc00451-300x200.jpg","width":300,"height":200,"mime-type":"image\/jpeg","filesize":14405,"url":"https:\/\/autoriga.eu\/wp-content\/uploads\/2026\/09\/dsc00451-300x200.jpg"},"thumbnail":{"file":"dsc00451-150x150.jpg","width":150,"height":150,"mime-type":"image\/jpeg","filesize":6652,"url":"https:\/\/autoriga.eu\/wp-content\/uploads\/2026\/09\/dsc00451-150x150.jpg"},"medium_large":{"file":"dsc00451-768x512.jpg","width":768,"height":512,"mime-type":"image\/jpeg","filesize":67655,"url":"https:\/\/autoriga.eu\/wp-content\/uploads\/2026\/09\/dsc00451-768x512.jpg"},"post-thumbnail":{"file":"dsc00451-370x230.jpg","width":370,"height":230,"mime-type":"image\/jpeg","filesize":19139,"url":"https:\/\/autoriga.eu\/wp-content\/uploads\/2026\/09\/dsc00451-370x230.jpg"},"al-sml":{"file":"dsc00451-400x250.jpg","width":400,"height":250,"mime-type":"image\/jpeg","filesize":21687,"url":"https:\/\/autoriga.eu\/wp-content\/uploads\/2026\/09\/dsc00451-400x250.jpg"}},"image_meta":{"aperture":"5.6","credit":"","camera":"ILCE-6700","caption":"","created_timestamp":"1756384388","copyright":"","focal_length":"40","iso":"125","shutter_speed":"0.0125","title":"","orientation":"0","keywords":[],"alt":""},"ID":"106050","name":"dsc00451.jpg","path":"\/var\/www\/autoriga.eu\/public\/wp-content\/uploads\/2026\/09\/dsc00451.jpg","url":"https:\/\/autoriga.eu\/wp-content\/uploads\/2026\/09\/dsc00451-150x150.jpg","full_url":"https:\/\/autoriga.eu\/wp-content\/uploads\/2026\/09\/dsc00451.jpg","title":"DSC00451","caption":"","description":"","alt":"","srcset":false},{"width":150,"height":150,"file":"2026\/09\/dsc00457.jpg","filesize":454455,"sizes":{"medium":{"file":"dsc00457-300x200.jpg","width":300,"height":200,"mime-type":"image\/jpeg","filesize":16515,"url":"https:\/\/autoriga.eu\/wp-content\/uploads\/2026\/09\/dsc00457-300x200.jpg"},"thumbnail":{"file":"dsc00457-150x150.jpg","width":150,"height":150,"mime-type":"image\/jpeg","filesize":7928,"url":"https:\/\/autoriga.eu\/wp-content\/uploads\/2026\/09\/dsc00457-150x150.jpg"},"medium_large":{"file":"dsc00457-768x512.jpg","width":768,"height":512,"mime-type":"image\/jpeg","filesize":63658,"url":"https:\/\/autoriga.eu\/wp-content\/uploads\/2026\/09\/dsc00457-768x512.jpg"},"post-thumbnail":{"file":"dsc00457-370x230.jpg","width":370,"height":230,"mime-type":"image\/jpeg","filesize":21335,"url":"https:\/\/autoriga.eu\/wp-content\/uploads\/2026\/09\/dsc00457-370x230.jpg"},"al-sml":{"file":"dsc00457-400x250.jpg","width":400,"height":250,"mime-type":"image\/jpeg","filesize":23859,"url":"https:\/\/autoriga.eu\/wp-content\/uploads\/2026\/09\/dsc00457-400x250.jpg"}},"image_meta":{"aperture":"3.5","credit":"","camera":"ILCE-6700","caption":"","created_timestamp":"1756384538","copyright":"","focal_length":"17","iso":"100","shutter_speed":"0.033333333333333","title":"","orientation":"0","keywords":[],"alt":""},"ID":"106058","name":"dsc00457.jpg","path":"\/var\/www\/autoriga.eu\/public\/wp-content\/uploads\/2026\/09\/dsc00457.jpg","url":"https:\/\/autoriga.eu\/wp-content\/uploads\/2026\/09\/dsc00457-150x150.jpg","full_url":"https:\/\/autoriga.eu\/wp-content\/uploads\/2026\/09\/dsc00457.jpg","title":"DSC00457","caption":"","description":"","alt":"","srcset":false},{"width":150,"height":150,"file":"2026\/09\/dsc00453.jpg","filesize":479219,"sizes":{"medium":{"file":"dsc00453-300x200.jpg","width":300,"height":200,"mime-type":"image\/jpeg","filesize":10598,"url":"https:\/\/autoriga.eu\/wp-content\/uploads\/2026\/09\/dsc00453-300x200.jpg"},"thumbnail":{"file":"dsc00453-150x150.jpg","width":150,"height":150,"mime-type":"image\/jpeg","filesize":5370,"url":"https:\/\/autoriga.eu\/wp-content\/uploads\/2026\/09\/dsc00453-150x150.jpg"},"medium_large":{"file":"dsc00453-768x512.jpg","width":768,"height":512,"mime-type":"image\/jpeg","filesize":50808,"url":"https:\/\/autoriga.eu\/wp-content\/uploads\/2026\/09\/dsc00453-768x512.jpg"},"post-thumbnail":{"file":"dsc00453-370x230.jpg","width":370,"height":230,"mime-type":"image\/jpeg","filesize":13696,"url":"https:\/\/autoriga.eu\/wp-content\/uploads\/2026\/09\/dsc00453-370x230.jpg"},"al-sml":{"file":"dsc00453-400x250.jpg","width":400,"height":250,"mime-type":"image\/jpeg","filesize":15768,"url":"https:\/\/autoriga.eu\/wp-content\/uploads\/2026\/09\/dsc00453-400x250.jpg"}},"image_meta":{"aperture":"5.6","credit":"","camera":"ILCE-6700","caption":"","created_timestamp":"1756384510","copyright":"","focal_length":"30","iso":"100","shutter_speed":"0.016666666666667","title":"","orientation":"0","keywords":[],"alt":""},"ID":"106054","name":"dsc00453.jpg","path":"\/var\/www\/autoriga.eu\/public\/wp-content\/uploads\/2026\/09\/dsc00453.jpg","url":"https:\/\/autoriga.eu\/wp-content\/uploads\/2026\/09\/dsc00453-150x150.jpg","full_url":"https:\/\/autoriga.eu\/wp-content\/uploads\/2026\/09\/dsc00453.jpg","title":"DSC00453","caption":"","description":"","alt":"","srcset":false},{"width":150,"height":150,"file":"2026\/09\/dsc00458.jpg","filesize":402899,"sizes":{"medium":{"file":"dsc00458-300x200.jpg","width":300,"height":200,"mime-type":"image\/jpeg","filesize":14229,"url":"https:\/\/autoriga.eu\/wp-content\/uploads\/2026\/09\/dsc00458-300x200.jpg"},"thumbnail":{"file":"dsc00458-150x150.jpg","width":150,"height":150,"mime-type":"image\/jpeg","filesize":6398,"url":"https:\/\/autoriga.eu\/wp-content\/uploads\/2026\/09\/dsc00458-150x150.jpg"},"medium_large":{"file":"dsc00458-768x512.jpg","width":768,"height":512,"mime-type":"image\/jpeg","filesize":55263,"url":"https:\/\/autoriga.eu\/wp-content\/uploads\/2026\/09\/dsc00458-768x512.jpg"},"post-thumbnail":{"file":"dsc00458-370x230.jpg","width":370,"height":230,"mime-type":"image\/jpeg","filesize":17962,"url":"https:\/\/autoriga.eu\/wp-content\/uploads\/2026\/09\/dsc00458-370x230.jpg"},"al-sml":{"file":"dsc00458-400x250.jpg","width":400,"height":250,"mime-type":"image\/jpeg","filesize":20250,"url":"https:\/\/autoriga.eu\/wp-content\/uploads\/2026\/09\/dsc00458-400x250.jpg"}},"image_meta":{"aperture":"4.5","credit":"","camera":"ILCE-6700","caption":"","created_timestamp":"1756384544","copyright":"","focal_length":"17","iso":"100","shutter_speed":"0.02","title":"","orientation":"0","keywords":[],"alt":""},"ID":"106060","name":"dsc00458.jpg","path":"\/var\/www\/autoriga.eu\/public\/wp-content\/uploads\/2026\/09\/dsc00458.jpg","url":"https:\/\/autoriga.eu\/wp-content\/uploads\/2026\/09\/dsc00458-150x150.jpg","full_url":"https:\/\/autoriga.eu\/wp-content\/uploads\/2026\/09\/dsc00458.jpg","title":"DSC00458","caption":"","description":"","alt":"","srcset":false},{"width":150,"height":150,"file":"2026\/09\/dsc00455.jpg","filesize":531151,"sizes":{"medium":{"file":"dsc00455-300x200.jpg","width":300,"height":200,"mime-type":"image\/jpeg","filesize":15073,"url":"https:\/\/autoriga.eu\/wp-content\/uploads\/2026\/09\/dsc00455-300x200.jpg"},"thumbnail":{"file":"dsc00455-150x150.jpg","width":150,"height":150,"mime-type":"image\/jpeg","filesize":7064,"url":"https:\/\/autoriga.eu\/wp-content\/uploads\/2026\/09\/dsc00455-150x150.jpg"},"medium_large":{"file":"dsc00455-768x512.jpg","width":768,"height":512,"mime-type":"image\/jpeg","filesize":68233,"url":"https:\/\/autoriga.eu\/wp-content\/uploads\/2026\/09\/dsc00455-768x512.jpg"},"post-thumbnail":{"file":"dsc00455-370x230.jpg","width":370,"height":230,"mime-type":"image\/jpeg","filesize":19404,"url":"https:\/\/autoriga.eu\/wp-content\/uploads\/2026\/09\/dsc00455-370x230.jpg"},"al-sml":{"file":"dsc00455-400x250.jpg","width":400,"height":250,"mime-type":"image\/jpeg","filesize":22002,"url":"https:\/\/autoriga.eu\/wp-content\/uploads\/2026\/09\/dsc00455-400x250.jpg"}},"image_meta":{"aperture":"4","credit":"","camera":"ILCE-6700","caption":"","created_timestamp":"1756384526","copyright":"","focal_length":"17","iso":"100","shutter_speed":"0.025","title":"","orientation":"0","keywords":[],"alt":""},"ID":"106056","name":"dsc00455.jpg","path":"\/var\/www\/autoriga.eu\/public\/wp-content\/uploads\/2026\/09\/dsc00455.jpg","url":"https:\/\/autoriga.eu\/wp-content\/uploads\/2026\/09\/dsc00455-150x150.jpg","full_url":"https:\/\/autoriga.eu\/wp-content\/uploads\/2026\/09\/dsc00455.jpg","title":"DSC00455","caption":"","description":"","alt":"","srcset":false},{"width":150,"height":150,"file":"2026\/09\/dsc00459.jpg","filesize":390730,"sizes":{"medium":{"file":"dsc00459-300x200.jpg","width":300,"height":200,"mime-type":"image\/jpeg","filesize":11879,"url":"https:\/\/autoriga.eu\/wp-content\/uploads\/2026\/09\/dsc00459-300x200.jpg"},"thumbnail":{"file":"dsc00459-150x150.jpg","width":150,"height":150,"mime-type":"image\/jpeg","filesize":6084,"url":"https:\/\/autoriga.eu\/wp-content\/uploads\/2026\/09\/dsc00459-150x150.jpg"},"medium_large":{"file":"dsc00459-768x512.jpg","width":768,"height":512,"mime-type":"image\/jpeg","filesize":46931,"url":"https:\/\/autoriga.eu\/wp-content\/uploads\/2026\/09\/dsc00459-768x512.jpg"},"post-thumbnail":{"file":"dsc00459-370x230.jpg","width":370,"height":230,"mime-type":"image\/jpeg","filesize":14813,"url":"https:\/\/autoriga.eu\/wp-content\/uploads\/2026\/09\/dsc00459-370x230.jpg"},"al-sml":{"file":"dsc00459-400x250.jpg","width":400,"height":250,"mime-type":"image\/jpeg","filesize":16716,"url":"https:\/\/autoriga.eu\/wp-content\/uploads\/2026\/09\/dsc00459-400x250.jpg"}},"image_meta":{"aperture":"4","credit":"","camera":"ILCE-6700","caption":"","created_timestamp":"1756384547","copyright":"","focal_length":"17","iso":"100","shutter_speed":"0.025","title":"","orientation":"0","keywords":[],"alt":""},"ID":"106062","name":"dsc00459.jpg","path":"\/var\/www\/autoriga.eu\/public\/wp-content\/uploads\/2026\/09\/dsc00459.jpg","url":"https:\/\/autoriga.eu\/wp-content\/uploads\/2026\/09\/dsc00459-150x150.jpg","full_url":"https:\/\/autoriga.eu\/wp-content\/uploads\/2026\/09\/dsc00459.jpg","title":"DSC00459","caption":"","description":"","alt":"","srcset":false}],"_al_listing_video_gallery":[],"_al_listing_brochure":"","_al_listing_seller_note":"BMW 320 2012. gada ar Garantiju, 2.0 d\u012bzelis ar autom\u0101tisko \u0101trumk\u0101rbu.\r\n\r\nIzcils sedans ar dinamisku un sportisku izskatu, kas apvieno izsmalcin\u0101tu dizainu, augstu veiktsp\u0113ju, izcilu degvielas ekonomiju un modernas tehnolo\u0123ijas, padarot to par lielisku izv\u0113li gan \u0123imen\u0113m, gan profesion\u0101\u013ciem.\r\n\r\nModelis pied\u0101v\u0101 pla\u0161u salona interjeru ar augstas kvalit\u0101tes apdares materi\u0101liem.\r\n\r\nM\u016bsu auto salon\u0101 ir 200+ popul\u0101ri auto mode\u013ci - labi uztur\u0113ti, lielisk\u0101 tehnisk\u0101 st\u0101vokl\u012b, ar garantiju, bez pirm\u0101s iemaksas un par pievilc\u012bg\u0101m cen\u0101m, s\u0101kot tikai no EUR 59 m\u0113nes\u012b.\r\nSkatiet vair\u0101k auto pied\u0101v\u0101jumus m\u016bsu zem\u0101k nor\u0101d\u012btaj\u0101 m\u0101jas lap\u0101.\r\n\r\nJ\u016bsu eso\u0161ais auto var b\u016bt k\u0101 da\u013c\u0113ja samaksa.\r\n\r\nPied\u0101v\u0101jam:\r\n- Octa un CSDD izdevumus d\u0101van\u0101;\r\n- Garantiju visiem auto;\r\n- P\u0101rbaud\u012bt auto, pace\u013cot uz pac\u0113l\u0101ja;\r\n- Veikt diagnostiku;\r\n- P\u0101rbaud\u012bt auto v\u0113sturi;\r\n- Veikt testa braucienu.\r\n\r\nJa Tev ir nepiecie\u0161ams l\u012bzings auto ieg\u0101dei, m\u016bsu profesion\u0101l\u0101 AutoR\u012bga komanda pal\u012bdz\u0113s to sak\u0101rtot tikai stundas laik\u0101.\r\n\r\nStr\u0101d\u0101jam ar\u012b ar klientiem, kuriem ir boj\u0101ta kred\u012btv\u0113sture, nav ofici\u0101lu ien\u0101kumu, str\u0101d\u0101 \u0101rzem\u0113s, nav pirm\u0101s iemaksas.\r\n\r\nM\u016bsu adrese: Vi\u0161\u0137u iela 14, R\u012bga (p\u0113c navig\u0101cijas - Vi\u0161\u0137u iela 16)","address":"","map":{"latitude":"0","longitude":"0","zoom":"0"},"_al_listing_displayed_address":"","_al_listing_city":"","_al_listing_zip":"","_al_listing_state":"","_al_listing_country":"","_al_listing_lat":"","_al_listing_lng":"","_al_listing_dealer":"","_al_listing_hide":[],"_al_listing_related_posts":[],"_al_listing_certificate":[],"_al_listing_verified":"0","_al_listing_feature_comfort":[],"_al_listing_feature_safety":[],"_al_listing_feature_plus":[],"_al_listing_feature_others":[]},"_links":{"self":[{"href":"https:\/\/autoriga.eu\/ru\/wp-json\/wp\/v2\/auto-listing\/106045","targetHints":{"allow":["GET"]}}],"collection":[{"href":"https:\/\/autoriga.eu\/ru\/wp-json\/wp\/v2\/auto-listing"}],"about":[{"href":"https:\/\/autoriga.eu\/ru\/wp-json\/wp\/v2\/types\/auto-listing"}],"replies":[{"embeddable":true,"href":"https:\/\/autoriga.eu\/ru\/wp-json\/wp\/v2\/comments?post=106045"}],"wp:attachment":[{"href":"https:\/\/autoriga.eu\/ru\/wp-json\/wp\/v2\/media?parent=106045"}],"curies":[{"name":"wp","href":"https:\/\/api.w.org\/{rel}","templated":true}]}}